{"id":4399,"date":"2022-04-28T13:23:39","date_gmt":"2022-04-28T11:23:39","guid":{"rendered":"https:\/\/esdeveniments.formentera.es\/agenda\/formentera-zen\/"},"modified":"2026-04-01T12:01:18","modified_gmt":"2026-04-01T10:01:18","slug":"formentera-zen-2026","status":"publish","type":"tribe_events","link":"https:\/\/esdeveniments.formentera.es\/es\/agenda\/formentera-zen-2026\/","title":{"rendered":"Formentera Zen 2026"},"content":{"rendered":"<p>La 12\u00aa edici\u00f3n del Formentera Zen, se celebra del<strong> 29 al 31 de mayo<\/strong> en el exclusivo <strong>Hotel Gecko Formentera<\/strong>. Una experiencia de desconexi\u00f3n y reconexi\u00f3n total.<\/p>\n<p>Un encuentro enfocado en el bienestar, la salud y el crecimiento personal, rodeado por la belleza natural de la isla y con vistas incre\u00edble mar Mediterr\u00e1neo\u2026 \ud83c\udf3f\ud83c\udf0a<\/p>\n<p>Formentera Zen es una experiencia hol\u00edstica que re\u00fane a referentes nacionales e internacionales en disciplinas como el yoga, la meditaci\u00f3n, la nutrici\u00f3n consciente, el mindfulness, el desarrollo personal y la vida saludable.<\/p>\n<p><strong>Una experiencia \u00fanica de bienestar y renovaci\u00f3n en primavera<\/strong><\/p>\n<p>El \u00e1rea de Turismo del Consell Insular de Formentera organiza una nueva edici\u00f3n del evento, donde los participantes tendr\u00e1n la oportunidad de reconectar cuerpo y mente mediante talleres, charlas, sesiones pr\u00e1cticas y actividades al aire libre.<\/p>\n<p><img loading=\"lazy\" decoding=\"async\" class=\"alignnone wp-image-7520 size-full\" src=\"https:\/\/esdeveniments.formentera.es\/wp-content\/uploads\/2022\/04\/CARTEL-FZEN-ESP-26.png\" alt=\"\" width=\"1414\" height=\"2000\" srcset=\"https:\/\/esdeveniments.formentera.es\/wp-content\/uploads\/2022\/04\/CARTEL-FZEN-ESP-26.png 1414w, https:\/\/esdeveniments.formentera.es\/wp-content\/uploads\/2022\/04\/CARTEL-FZEN-ESP-26-212x300.png 212w, https:\/\/esdeveniments.formentera.es\/wp-content\/uploads\/2022\/04\/CARTEL-FZEN-ESP-26-724x1024.png 724w, https:\/\/esdeveniments.formentera.es\/wp-content\/uploads\/2022\/04\/CARTEL-FZEN-ESP-26-768x1086.png 768w, https:\/\/esdeveniments.formentera.es\/wp-content\/uploads\/2022\/04\/CARTEL-FZEN-ESP-26-1086x1536.png 1086w, https:\/\/esdeveniments.formentera.es\/wp-content\/uploads\/2022\/04\/CARTEL-FZEN-ESP-26-600x849.png 600w\" sizes=\"auto, (max-width: 1414px) 100vw, 1414px\" \/><\/p>\n","protected":false},"excerpt":{"rendered":"<p>Para comprar tu entrada, puedes escoger seg\u00fan tipolog\u00eda de asistente que seas (general, residente en Formentera o residente en Baleares) la entrada general de 3 d\u00edas o sesiones sueltas. Adem\u00e1s, puedes comprar tu pack con alojamiento para que tu experiencia sea m\u00e1s completa, para m\u00e1s informaci\u00f3n contacta a comunicacion@formenterazen.es.<\/p>\n","protected":false},"author":1,"featured_media":4397,"comment_status":"open","ping_status":"closed","template":"","meta":{"_price":"","_stock":"","_tribe_ticket_header":"","_tribe_default_ticket_provider":"Tribe__Tickets_Plus__Commerce__WooCommerce__Main","_tribe_ticket_capacity":"","_ticket_start_date":"","_ticket_end_date":"","_tribe_ticket_show_description":"","_tribe_ticket_show_not_going":false,"_tribe_ticket_use_global_stock":"","_tribe_ticket_global_stock_level":"","_global_stock_mode":"","_global_stock_cap":"","_tribe_rsvp_for_event":"","_tribe_ticket_going_count":"","_tribe_ticket_not_going_count":"","_tribe_tickets_list":"[{\"id\":5959,\"type\":\"default\",\"title\":\"Formentera Zen 2024 \\u00b7 Entrada General\",\"description\":\"\",\"capacityType\":\"unlimited\",\"price\":180,\"capacity\":\"\",\"available\":-1,\"sharedCapacity\":\"\",\"sold\":77,\"shareSold\":77,\"isShared\":true,\"currencyDecimalPoint\":\",\",\"currencyNumberOfDecimals\":2,\"currencyPosition\":\"prefix\",\"currencySymbol\":\"$\",\"currencyThousandsSep\":\".\"},{\"id\":5960,\"type\":\"default\",\"title\":\"Formentera Zen 2024 \\u00b7 Residentes Formentera\",\"description\":\"Ser\\u00e1 obligatorio presentar certificado de residencia en Formentera para poder validar la adquisici\\u00f3n de la entrada. \",\"capacityType\":\"unlimited\",\"price\":90,\"capacity\":\"\",\"available\":-1,\"sharedCapacity\":\"\",\"sold\":23,\"shareSold\":23,\"isShared\":true,\"currencyDecimalPoint\":\",\",\"currencyNumberOfDecimals\":2,\"currencyPosition\":\"prefix\",\"currencySymbol\":\"$\",\"currencyThousandsSep\":\".\"},{\"id\":6330,\"type\":\"default\",\"title\":\"Formentera Zen 2024 \\u00b7 Entrada 1 D\\u00cdA\",\"description\":\"\",\"capacityType\":\"unlimited\",\"price\":90,\"capacity\":\"\",\"available\":-1,\"sharedCapacity\":\"\",\"sold\":1,\"shareSold\":1,\"isShared\":true,\"currencyDecimalPoint\":\",\",\"currencyNumberOfDecimals\":2,\"currencyPosition\":\"prefix\",\"currencySymbol\":\"$\",\"currencyThousandsSep\":\".\"},{\"id\":6331,\"type\":\"default\",\"title\":\"Formentera Zen 2024 \\u00b7 Entrada 1 D\\u00cdA Residentes Formentera\",\"description\":\"Ser\\u00e1 obligatorio presentar certificado de residencia en Formentera para poder validar la adquisici\\u00f3n de la entrada. \",\"capacityType\":\"unlimited\",\"price\":45,\"capacity\":\"\",\"available\":-1,\"sharedCapacity\":\"\",\"sold\":1,\"shareSold\":1,\"isShared\":true,\"currencyDecimalPoint\":\",\",\"currencyNumberOfDecimals\":2,\"currencyPosition\":\"prefix\",\"currencySymbol\":\"$\",\"currencyThousandsSep\":\".\"},{\"id\":7494,\"type\":\"default\",\"title\":\"Entrada General\",\"description\":\"Con esta entrada puedes acceder a todas las actividades de Formentera Zen 2026.\",\"capacityType\":\"unlimited\",\"price\":190,\"capacity\":\"\",\"available\":-1,\"sharedCapacity\":\"\",\"sold\":0,\"shareSold\":0,\"isShared\":true,\"currencyDecimalPoint\":\",\",\"currencyNumberOfDecimals\":2,\"currencyPosition\":\"prefix\",\"currencySymbol\":\"$\",\"currencyThousandsSep\":\".\"},{\"id\":7491,\"type\":\"default\",\"title\":\"Entrada s\\u00e1bado ma\\u00f1ana\",\"description\":\"Con esta entrada puedes acceder a las actividades programadas para la ma\\u00f1ana del s\\u00e1bado de Formentera Zen 2026.\",\"capacityType\":\"unlimited\",\"price\":70,\"capacity\":\"\",\"available\":-1,\"sharedCapacity\":\"\",\"sold\":0,\"shareSold\":0,\"isShared\":true,\"currencyDecimalPoint\":\",\",\"currencyNumberOfDecimals\":2,\"currencyPosition\":\"prefix\",\"currencySymbol\":\"$\",\"currencyThousandsSep\":\".\"},{\"id\":7492,\"type\":\"default\",\"title\":\"Entrada s\\u00e1bado tarde\",\"description\":\"Con esta entrada puedes acceder a las actividades programadas para la tarde del s\\u00e1bado de Formentera Zen 2026.\",\"capacityType\":\"unlimited\",\"price\":70,\"capacity\":\"\",\"available\":-1,\"sharedCapacity\":\"\",\"sold\":0,\"shareSold\":0,\"isShared\":true,\"currencyDecimalPoint\":\",\",\"currencyNumberOfDecimals\":2,\"currencyPosition\":\"prefix\",\"currencySymbol\":\"$\",\"currencyThousandsSep\":\".\"},{\"id\":7493,\"type\":\"default\",\"title\":\"Entrada domingo ma\\u00f1ana\",\"description\":\"Con esta entrada puedes acceder a las actividades programadas para la tarde del domingo de Formentera Zen 2026.\",\"capacityType\":\"unlimited\",\"price\":70,\"capacity\":\"\",\"available\":-1,\"sharedCapacity\":\"\",\"sold\":0,\"shareSold\":0,\"isShared\":true,\"currencyDecimalPoint\":\",\",\"currencyNumberOfDecimals\":2,\"currencyPosition\":\"prefix\",\"currencySymbol\":\"$\",\"currencyThousandsSep\":\".\"},{\"id\":7495,\"type\":\"default\",\"title\":\"Entrada General (RESIDENTES FORMENTERA)\",\"description\":\"Con esta entrada puedes acceder a todas las actividades de Formentera Zen 2026. Ser\\u00e1 obligatorio presentar certificado de residencia en Formentera para poder validar la adquisici\\u00f3n de la entrada.\",\"capacityType\":\"unlimited\",\"price\":95,\"capacity\":\"\",\"available\":-1,\"sharedCapacity\":\"\",\"sold\":4,\"shareSold\":4,\"isShared\":true,\"currencyDecimalPoint\":\",\",\"currencyNumberOfDecimals\":2,\"currencyPosition\":\"prefix\",\"currencySymbol\":\"$\",\"currencyThousandsSep\":\".\"},{\"id\":7496,\"type\":\"default\",\"title\":\"Entrada s\\u00e1bado ma\\u00f1ana (RESIDENTES FORMENTERA)\",\"description\":\"Con esta entrada puedes acceder a las actividades programadas para la ma\\u00f1ana del s\\u00e1bado de Formentera Zen 2026. Ser\\u00e1 obligatorio presentar certificado de residencia en Formentera para poder validar la adquisici\\u00f3n de la entrada.\",\"capacityType\":\"unlimited\",\"price\":45,\"capacity\":\"\",\"available\":-1,\"sharedCapacity\":\"\",\"sold\":0,\"shareSold\":0,\"isShared\":true,\"currencyDecimalPoint\":\",\",\"currencyNumberOfDecimals\":2,\"currencyPosition\":\"prefix\",\"currencySymbol\":\"$\",\"currencyThousandsSep\":\".\"},{\"id\":7497,\"type\":\"default\",\"title\":\"Entrada s\\u00e1bado tarde (RESIDENTES FORMENTERA)\",\"description\":\"Con esta entrada puedes acceder a las actividades programadas para la tarde del s\\u00e1bado de Formentera Zen 2026. Ser\\u00e1 obligatorio presentar certificado de residencia en Formentera para poder validar la adquisici\\u00f3n de la entrada.\",\"capacityType\":\"unlimited\",\"price\":45,\"capacity\":\"\",\"available\":-1,\"sharedCapacity\":\"\",\"sold\":0,\"shareSold\":0,\"isShared\":true,\"currencyDecimalPoint\":\",\",\"currencyNumberOfDecimals\":2,\"currencyPosition\":\"prefix\",\"currencySymbol\":\"$\",\"currencyThousandsSep\":\".\"},{\"id\":7498,\"type\":\"default\",\"title\":\"Entrada domingo ma\\u00f1ana (RESIDENTES FORMENTERA)\",\"description\":\"Con esta entrada puedes acceder a las actividades programadas para la ma\\u00f1ana del domingo de Formentera Zen 2026. Ser\\u00e1 obligatorio presentar certificado de residencia en Formentera para poder validar la adquisici\\u00f3n de la entrada.\",\"capacityType\":\"unlimited\",\"price\":45,\"capacity\":\"\",\"available\":-1,\"sharedCapacity\":\"\",\"sold\":0,\"shareSold\":0,\"isShared\":true,\"currencyDecimalPoint\":\",\",\"currencyNumberOfDecimals\":2,\"currencyPosition\":\"prefix\",\"currencySymbol\":\"$\",\"currencyThousandsSep\":\".\"},{\"id\":7499,\"type\":\"default\",\"title\":\"Entrada General (RESIDENTES BALEARES)\",\"description\":\"Con esta entrada puedes acceder a todas las actividades de Formentera Zen 2026. Ser\\u00e1 obligatorio presentar certificado de residencia en Mallorca, Menorca o Ibiza para poder validar la adquisici\\u00f3n de la entrada.\",\"capacityType\":\"unlimited\",\"price\":152,\"capacity\":\"\",\"available\":-1,\"sharedCapacity\":\"\",\"sold\":2,\"shareSold\":2,\"isShared\":true,\"currencyDecimalPoint\":\",\",\"currencyNumberOfDecimals\":2,\"currencyPosition\":\"prefix\",\"currencySymbol\":\"$\",\"currencyThousandsSep\":\".\"},{\"id\":7500,\"type\":\"default\",\"title\":\"Entrada s\\u00e1bado ma\\u00f1ana (RESIDENTES BALEARES)\",\"description\":\"Con esta entrada puedes acceder a las actividades programadas para la ma\\u00f1ana del s\\u00e1bado de Formentera Zen 2026. Ser\\u00e1 obligatorio presentar certificado de residencia en Mallorca, Menorca o Ibiza para poder validar la adquisici\\u00f3n de la entrada.\",\"capacityType\":\"unlimited\",\"price\":56,\"capacity\":\"\",\"available\":-1,\"sharedCapacity\":\"\",\"sold\":3,\"shareSold\":3,\"isShared\":true,\"currencyDecimalPoint\":\",\",\"currencyNumberOfDecimals\":2,\"currencyPosition\":\"prefix\",\"currencySymbol\":\"$\",\"currencyThousandsSep\":\".\"},{\"id\":7501,\"type\":\"default\",\"title\":\"Entrada s\\u00e1bado tarde (RESIDENTES BALEARES)\",\"description\":\"Con esta entrada puedes acceder a las actividades programadas para la tarde del s\\u00e1bado de Formentera Zen 2026. Ser\\u00e1 obligatorio presentar certificado de residencia en Mallorca, Menorca o Ibiza para poder validar la adquisici\\u00f3n de la entrada.\\r\\n\",\"capacityType\":\"unlimited\",\"price\":56,\"capacity\":\"\",\"available\":-1,\"sharedCapacity\":\"\",\"sold\":1,\"shareSold\":1,\"isShared\":true,\"currencyDecimalPoint\":\",\",\"currencyNumberOfDecimals\":2,\"currencyPosition\":\"prefix\",\"currencySymbol\":\"$\",\"currencyThousandsSep\":\".\"},{\"id\":7502,\"type\":\"default\",\"title\":\"Entrada domingo ma\\u00f1ana (RESIDENTES BALEARES)\",\"description\":\"Con esta entrada puedes acceder a las actividades programadas para la ma\\u00f1ana del domingo de Formentera Zen 2026. Ser\\u00e1 obligatorio presentar certificado de residencia en Mallorca, Menorca o Ibiza para poder validar la adquisici\\u00f3n de la entrada.\",\"capacityType\":\"unlimited\",\"price\":56,\"capacity\":\"\",\"available\":-1,\"sharedCapacity\":\"\",\"sold\":2,\"shareSold\":2,\"isShared\":true,\"currencyDecimalPoint\":\",\",\"currencyNumberOfDecimals\":2,\"currencyPosition\":\"prefix\",\"currencySymbol\":\"$\",\"currencyThousandsSep\":\".\"}]","_tribe_ticket_has_attendee_info_fields":false,"_tribe_events_status":"","_tribe_events_status_reason":"","_tribe_events_is_hybrid":"","_tribe_events_is_virtual":"","_tribe_events_virtual_video_source":"","_tribe_events_virtual_embed_video":"","_tribe_events_virtual_linked_button_text":"","_tribe_events_virtual_linked_button":"","_tribe_events_virtual_show_embed_at":"","_tribe_events_virtual_show_embed_to":[],"_tribe_events_virtual_show_on_event":"","_tribe_events_virtual_show_on_views":"","_tribe_events_virtual_url":"","footnotes":""},"tags":[],"tribe_events_cat":[],"class_list":["post-4399","tribe_events","type-tribe_events","status-publish","has-post-thumbnail"],"yoast_head":"<!-- This site is optimized with the Yoast SEO plugin v23.4 - https:\/\/yoast.com\/wordpress\/plugins\/seo\/ -->\n<title>Formentera Zen 2026 - Formentera Events<\/title>\n<meta name=\"robots\" content=\"index, follow, max-snippet:-1, max-image-preview:large, max-video-preview:-1\" \/>\n<link rel=\"canonical\" href=\"https:\/\/esdeveniments.formentera.es\/es\/agenda\/formentera-zen-2026\/\" \/>\n<meta property=\"og:locale\" content=\"es_ES\" \/>\n<meta property=\"og:type\" content=\"article\" \/>\n<meta property=\"og:title\" content=\"Formentera Zen 2026 - Formentera Events\" \/>\n<meta property=\"og:description\" content=\"Para comprar tu entrada, puedes escoger seg\u00fan tipolog\u00eda de asistente que seas (general, residente en Formentera o residente en Baleares) la entrada general de 3 d\u00edas o sesiones sueltas. Adem\u00e1s, puedes comprar tu pack con alojamiento para que tu experiencia sea m\u00e1s completa, para m\u00e1s informaci\u00f3n contacta a comunicacion@formenterazen.es.\" \/>\n<meta property=\"og:url\" content=\"https:\/\/esdeveniments.formentera.es\/es\/agenda\/formentera-zen-2026\/\" \/>\n<meta property=\"og:site_name\" content=\"Formentera Events\" \/>\n<meta property=\"article:modified_time\" content=\"2026-04-01T10:01:18+00:00\" \/>\n<meta property=\"og:image\" content=\"https:\/\/esdeveniments.formentera.es\/wp-content\/uploads\/2022\/04\/formenterazen_logo.png\" \/>\n\t<meta property=\"og:image:width\" content=\"500\" \/>\n\t<meta property=\"og:image:height\" content=\"300\" \/>\n\t<meta property=\"og:image:type\" content=\"image\/png\" \/>\n<meta name=\"twitter:card\" content=\"summary_large_image\" \/>\n<meta name=\"twitter:label1\" content=\"Tiempo de lectura\" \/>\n\t<meta name=\"twitter:data1\" content=\"2 minutos\" \/>\n<script type=\"application\/ld+json\" class=\"yoast-schema-graph\">{\"@context\":\"https:\/\/schema.org\",\"@graph\":[{\"@type\":\"WebPage\",\"@id\":\"https:\/\/esdeveniments.formentera.es\/es\/agenda\/formentera-zen-2026\/\",\"url\":\"https:\/\/esdeveniments.formentera.es\/es\/agenda\/formentera-zen-2026\/\",\"name\":\"Formentera Zen 2026 - Formentera Events\",\"isPartOf\":{\"@id\":\"https:\/\/esdeveniments.formentera.es\/#website\"},\"primaryImageOfPage\":{\"@id\":\"https:\/\/esdeveniments.formentera.es\/es\/agenda\/formentera-zen-2026\/#primaryimage\"},\"image\":{\"@id\":\"https:\/\/esdeveniments.formentera.es\/es\/agenda\/formentera-zen-2026\/#primaryimage\"},\"thumbnailUrl\":\"https:\/\/esdeveniments.formentera.es\/wp-content\/uploads\/2022\/04\/formenterazen_logo.png\",\"datePublished\":\"2022-04-28T11:23:39+00:00\",\"dateModified\":\"2026-04-01T10:01:18+00:00\",\"breadcrumb\":{\"@id\":\"https:\/\/esdeveniments.formentera.es\/es\/agenda\/formentera-zen-2026\/#breadcrumb\"},\"inLanguage\":\"es\",\"potentialAction\":[{\"@type\":\"ReadAction\",\"target\":[\"https:\/\/esdeveniments.formentera.es\/es\/agenda\/formentera-zen-2026\/\"]}]},{\"@type\":\"ImageObject\",\"inLanguage\":\"es\",\"@id\":\"https:\/\/esdeveniments.formentera.es\/es\/agenda\/formentera-zen-2026\/#primaryimage\",\"url\":\"https:\/\/esdeveniments.formentera.es\/wp-content\/uploads\/2022\/04\/formenterazen_logo.png\",\"contentUrl\":\"https:\/\/esdeveniments.formentera.es\/wp-content\/uploads\/2022\/04\/formenterazen_logo.png\",\"width\":500,\"height\":300},{\"@type\":\"BreadcrumbList\",\"@id\":\"https:\/\/esdeveniments.formentera.es\/es\/agenda\/formentera-zen-2026\/#breadcrumb\",\"itemListElement\":[{\"@type\":\"ListItem\",\"position\":1,\"name\":\"Portada\",\"item\":\"https:\/\/esdeveniments.formentera.es\/\"},{\"@type\":\"ListItem\",\"position\":2,\"name\":\"Formentera Zen 2026\"}]},{\"@type\":\"WebSite\",\"@id\":\"https:\/\/esdeveniments.formentera.es\/#website\",\"url\":\"https:\/\/esdeveniments.formentera.es\/\",\"name\":\"Formentera Events\",\"description\":\"Eventos\",\"potentialAction\":[{\"@type\":\"SearchAction\",\"target\":{\"@type\":\"EntryPoint\",\"urlTemplate\":\"https:\/\/esdeveniments.formentera.es\/?s={search_term_string}\"},\"query-input\":{\"@type\":\"PropertyValueSpecification\",\"valueRequired\":true,\"valueName\":\"search_term_string\"}}],\"inLanguage\":\"es\"}]}<\/script>\n<!-- \/ Yoast SEO plugin. -->","yoast_head_json":{"title":"Formentera Zen 2026 - Formentera Events","robots":{"index":"index","follow":"follow","max-snippet":"max-snippet:-1","max-image-preview":"max-image-preview:large","max-video-preview":"max-video-preview:-1"},"canonical":"https:\/\/esdeveniments.formentera.es\/es\/agenda\/formentera-zen-2026\/","og_locale":"es_ES","og_type":"article","og_title":"Formentera Zen 2026 - Formentera Events","og_description":"Para comprar tu entrada, puedes escoger seg\u00fan tipolog\u00eda de asistente que seas (general, residente en Formentera o residente en Baleares) la entrada general de 3 d\u00edas o sesiones sueltas. Adem\u00e1s, puedes comprar tu pack con alojamiento para que tu experiencia sea m\u00e1s completa, para m\u00e1s informaci\u00f3n contacta a comunicacion@formenterazen.es.","og_url":"https:\/\/esdeveniments.formentera.es\/es\/agenda\/formentera-zen-2026\/","og_site_name":"Formentera Events","article_modified_time":"2026-04-01T10:01:18+00:00","og_image":[{"width":500,"height":300,"url":"https:\/\/esdeveniments.formentera.es\/wp-content\/uploads\/2022\/04\/formenterazen_logo.png","type":"image\/png"}],"twitter_card":"summary_large_image","twitter_misc":{"Tiempo de lectura":"2 minutos"},"schema":{"@context":"https:\/\/schema.org","@graph":[{"@type":"WebPage","@id":"https:\/\/esdeveniments.formentera.es\/es\/agenda\/formentera-zen-2026\/","url":"https:\/\/esdeveniments.formentera.es\/es\/agenda\/formentera-zen-2026\/","name":"Formentera Zen 2026 - Formentera Events","isPartOf":{"@id":"https:\/\/esdeveniments.formentera.es\/#website"},"primaryImageOfPage":{"@id":"https:\/\/esdeveniments.formentera.es\/es\/agenda\/formentera-zen-2026\/#primaryimage"},"image":{"@id":"https:\/\/esdeveniments.formentera.es\/es\/agenda\/formentera-zen-2026\/#primaryimage"},"thumbnailUrl":"https:\/\/esdeveniments.formentera.es\/wp-content\/uploads\/2022\/04\/formenterazen_logo.png","datePublished":"2022-04-28T11:23:39+00:00","dateModified":"2026-04-01T10:01:18+00:00","breadcrumb":{"@id":"https:\/\/esdeveniments.formentera.es\/es\/agenda\/formentera-zen-2026\/#breadcrumb"},"inLanguage":"es","potentialAction":[{"@type":"ReadAction","target":["https:\/\/esdeveniments.formentera.es\/es\/agenda\/formentera-zen-2026\/"]}]},{"@type":"ImageObject","inLanguage":"es","@id":"https:\/\/esdeveniments.formentera.es\/es\/agenda\/formentera-zen-2026\/#primaryimage","url":"https:\/\/esdeveniments.formentera.es\/wp-content\/uploads\/2022\/04\/formenterazen_logo.png","contentUrl":"https:\/\/esdeveniments.formentera.es\/wp-content\/uploads\/2022\/04\/formenterazen_logo.png","width":500,"height":300},{"@type":"BreadcrumbList","@id":"https:\/\/esdeveniments.formentera.es\/es\/agenda\/formentera-zen-2026\/#breadcrumb","itemListElement":[{"@type":"ListItem","position":1,"name":"Portada","item":"https:\/\/esdeveniments.formentera.es\/"},{"@type":"ListItem","position":2,"name":"Formentera Zen 2026"}]},{"@type":"WebSite","@id":"https:\/\/esdeveniments.formentera.es\/#website","url":"https:\/\/esdeveniments.formentera.es\/","name":"Formentera Events","description":"Eventos","potentialAction":[{"@type":"SearchAction","target":{"@type":"EntryPoint","urlTemplate":"https:\/\/esdeveniments.formentera.es\/?s={search_term_string}"},"query-input":{"@type":"PropertyValueSpecification","valueRequired":true,"valueName":"search_term_string"}}],"inLanguage":"es"}]}},"ticketed":["woo"],"_links":{"self":[{"href":"https:\/\/esdeveniments.formentera.es\/es\/wp-json\/wp\/v2\/tribe_events\/4399","targetHints":{"allow":["GET"]}}],"collection":[{"href":"https:\/\/esdeveniments.formentera.es\/es\/wp-json\/wp\/v2\/tribe_events"}],"about":[{"href":"https:\/\/esdeveniments.formentera.es\/es\/wp-json\/wp\/v2\/types\/tribe_events"}],"author":[{"embeddable":true,"href":"https:\/\/esdeveniments.formentera.es\/es\/wp-json\/wp\/v2\/users\/1"}],"replies":[{"embeddable":true,"href":"https:\/\/esdeveniments.formentera.es\/es\/wp-json\/wp\/v2\/comments?post=4399"}],"version-history":[{"count":19,"href":"https:\/\/esdeveniments.formentera.es\/es\/wp-json\/wp\/v2\/tribe_events\/4399\/revisions"}],"predecessor-version":[{"id":7528,"href":"https:\/\/esdeveniments.formentera.es\/es\/wp-json\/wp\/v2\/tribe_events\/4399\/revisions\/7528"}],"wp:featuredmedia":[{"embeddable":true,"href":"https:\/\/esdeveniments.formentera.es\/es\/wp-json\/wp\/v2\/media\/4397"}],"wp:attachment":[{"href":"https:\/\/esdeveniments.formentera.es\/es\/wp-json\/wp\/v2\/media?parent=4399"}],"wp:term":[{"taxonomy":"post_tag","embeddable":true,"href":"https:\/\/esdeveniments.formentera.es\/es\/wp-json\/wp\/v2\/tags?post=4399"},{"taxonomy":"tribe_events_cat","embeddable":true,"href":"https:\/\/esdeveniments.formentera.es\/es\/wp-json\/wp\/v2\/tribe_events_cat?post=4399"}],"curies":[{"name":"wp","href":"https:\/\/api.w.org\/{rel}","templated":true}]}}