{"id":3677,"date":"2022-03-22T14:33:03","date_gmt":"2022-03-22T14:33:03","guid":{"rendered":"https:\/\/esdeveniments.formentera.es\/?post_type=tribe_events&#038;p=3677"},"modified":"2022-04-19T08:57:10","modified_gmt":"2022-04-19T06:57:10","slug":"formentera-astronomica","status":"publish","type":"tribe_events","link":"https:\/\/esdeveniments.formentera.es\/es\/agenda\/formentera-astronomica\/","title":{"rendered":"Formentera Astron\u00f3mica"},"content":{"rendered":"<p>Charlas tem\u00e1ticas, talleres infantiles, juegos de realidad virtual para visitar nuestra galaxia, sesiones de observaci\u00f3n nocturna con expertos en astronom\u00eda y hasta una cena gourmet en un entorno exclusivo con vistas al espacio: la baja contaminaci\u00f3n lum\u00ednica y la naturaleza incontaminada de Formentera nos invitan a una cita ineludible para todos los amantes de la isla y las estrellas.<\/p>\n<p>Entre los ponentes especializados en astronom\u00eda contaremos con Luisella Giulicchi, presidente de Women in Aerospace, Carlos Briones, investigador del CSIC, Manuel Gonz\u00e1lez, astr\u00f3nomo y astrocoplero, Natalia, Eva Ram\u00edrez, experta en GNSS en INECO, Asier Arranz, divulgador de la IA y la astronom\u00eda en Nvidia, Dalila Dawid, experta en fotograf\u00eda nocturna y partner business solutions en Facebook, Miguel \u00c1ngel Molina, director general del Espacio en GMV, Rosa Rodr\u00edguez, estrategia corporativa, comunicaci\u00f3n y cultura oce\u00e1nica del SOCIB y Guillermo De Haro, escritor en Jotdown y professor en IE Business School.<\/p>\n<p><img loading=\"lazy\" decoding=\"async\" class=\"alignnone wp-image-3679 size-large\" src=\"https:\/\/esdeveniments.formentera.es\/wp-content\/uploads\/2022\/03\/formentera_cielo-1024x533.jpg\" alt=\"\" width=\"1024\" height=\"533\" srcset=\"https:\/\/esdeveniments.formentera.es\/wp-content\/uploads\/2022\/03\/formentera_cielo-1024x533.jpg 1024w, https:\/\/esdeveniments.formentera.es\/wp-content\/uploads\/2022\/03\/formentera_cielo-300x156.jpg 300w, https:\/\/esdeveniments.formentera.es\/wp-content\/uploads\/2022\/03\/formentera_cielo-768x400.jpg 768w, https:\/\/esdeveniments.formentera.es\/wp-content\/uploads\/2022\/03\/formentera_cielo-600x313.jpg 600w, https:\/\/esdeveniments.formentera.es\/wp-content\/uploads\/2022\/03\/formentera_cielo.jpg 1200w\" sizes=\"auto, (max-width: 1024px) 100vw, 1024px\" \/><\/p>\n<h6><em><span style=\"color: #cb4545;\">* El importe de la inscripci\u00f3n solo se devolver\u00e1 en caso de fuerza mayor debidamente justificado junto con el respectivo<br \/>\njustificante de pago. Para solicitar la devoluci\u00f3n contactar a trav\u00e9s del email <\/span><strong><a href=\"mailto:turisme@formentera.es\"><span style=\"color: #cb4545;\">turisme@formentera.es<\/span><\/a><\/strong><\/em><\/h6>\n","protected":false},"excerpt":{"rendered":"<p>Si conoces Formentera, ya sabes que vivir la isla en mayo es un lujazo. Si adem\u00e1s te llama la atenci\u00f3n la observaci\u00f3n del universo, tienes la oportunidad de disfrutar playa y estrellas durante un fin de semana en el que todos los p\u00fablicos encontrar\u00e1n actividades de inter\u00e9s.<\/p>\n","protected":false},"author":1,"featured_media":3719,"comment_status":"open","ping_status":"closed","template":"","meta":{"_price":"","_stock":"","_tribe_ticket_header":"","_tribe_default_ticket_provider":"Tribe__Tickets_Plus__Commerce__WooCommerce__Main","_tribe_ticket_capacity":"100","_ticket_start_date":"","_ticket_end_date":"","_tribe_ticket_show_description":"","_tribe_ticket_show_not_going":false,"_tribe_ticket_use_global_stock":"1","_tribe_ticket_global_stock_level":"47","_global_stock_mode":"","_global_stock_cap":"","_tribe_rsvp_for_event":"","_tribe_ticket_going_count":"","_tribe_ticket_not_going_count":"","_tribe_tickets_list":"[]","_tribe_ticket_has_attendee_info_fields":false,"_tribe_events_status":"","_tribe_events_status_reason":"","_tribe_events_is_hybrid":"","_tribe_events_is_virtual":"","_tribe_events_virtual_video_source":"","_tribe_events_virtual_embed_video":"","_tribe_events_virtual_linked_button_text":"","_tribe_events_virtual_linked_button":"","_tribe_events_virtual_show_embed_at":"","_tribe_events_virtual_show_embed_to":[],"_tribe_events_virtual_show_on_event":"","_tribe_events_virtual_show_on_views":"","_tribe_events_virtual_url":"","footnotes":""},"tags":[],"tribe_events_cat":[],"class_list":["post-3677","tribe_events","type-tribe_events","status-publish","has-post-thumbnail"],"yoast_head":"<!-- This site is optimized with the Yoast SEO plugin v23.4 - https:\/\/yoast.com\/wordpress\/plugins\/seo\/ -->\n<title>Formentera Astron\u00f3mica - Formentera Events<\/title>\n<meta name=\"robots\" content=\"index, follow, max-snippet:-1, max-image-preview:large, max-video-preview:-1\" \/>\n<link rel=\"canonical\" href=\"https:\/\/esdeveniments.formentera.es\/es\/agenda\/formentera-astronomica\/\" \/>\n<meta property=\"og:locale\" content=\"es_ES\" \/>\n<meta property=\"og:type\" content=\"article\" \/>\n<meta property=\"og:title\" content=\"Formentera Astron\u00f3mica - Formentera Events\" \/>\n<meta property=\"og:description\" content=\"Si conoces Formentera, ya sabes que vivir la isla en mayo es un lujazo. Si adem\u00e1s te llama la atenci\u00f3n la observaci\u00f3n del universo, tienes la oportunidad de disfrutar playa y estrellas durante un fin de semana en el que todos los p\u00fablicos encontrar\u00e1n actividades de inter\u00e9s.\" \/>\n<meta property=\"og:url\" content=\"https:\/\/esdeveniments.formentera.es\/es\/agenda\/formentera-astronomica\/\" \/>\n<meta property=\"og:site_name\" content=\"Formentera Events\" \/>\n<meta property=\"article:modified_time\" content=\"2022-04-19T06:57:10+00:00\" \/>\n<meta property=\"og:image\" content=\"https:\/\/esdeveniments.formentera.es\/wp-content\/uploads\/2022\/03\/formentera_astro.png\" \/>\n\t<meta property=\"og:image:width\" content=\"500\" \/>\n\t<meta property=\"og:image:height\" content=\"300\" \/>\n\t<meta property=\"og:image:type\" content=\"image\/png\" \/>\n<meta name=\"twitter:card\" content=\"summary_large_image\" \/>\n<meta name=\"twitter:label1\" content=\"Tiempo de lectura\" \/>\n\t<meta name=\"twitter:data1\" content=\"1 minuto\" \/>\n<script type=\"application\/ld+json\" class=\"yoast-schema-graph\">{\"@context\":\"https:\/\/schema.org\",\"@graph\":[{\"@type\":\"WebPage\",\"@id\":\"https:\/\/esdeveniments.formentera.es\/es\/agenda\/formentera-astronomica\/\",\"url\":\"https:\/\/esdeveniments.formentera.es\/es\/agenda\/formentera-astronomica\/\",\"name\":\"Formentera Astron\u00f3mica - Formentera Events\",\"isPartOf\":{\"@id\":\"https:\/\/esdeveniments.formentera.es\/#website\"},\"primaryImageOfPage\":{\"@id\":\"https:\/\/esdeveniments.formentera.es\/es\/agenda\/formentera-astronomica\/#primaryimage\"},\"image\":{\"@id\":\"https:\/\/esdeveniments.formentera.es\/es\/agenda\/formentera-astronomica\/#primaryimage\"},\"thumbnailUrl\":\"https:\/\/esdeveniments.formentera.es\/wp-content\/uploads\/2022\/03\/formentera_astro.png\",\"datePublished\":\"2022-03-22T14:33:03+00:00\",\"dateModified\":\"2022-04-19T06:57:10+00:00\",\"breadcrumb\":{\"@id\":\"https:\/\/esdeveniments.formentera.es\/es\/agenda\/formentera-astronomica\/#breadcrumb\"},\"inLanguage\":\"es\",\"potentialAction\":[{\"@type\":\"ReadAction\",\"target\":[\"https:\/\/esdeveniments.formentera.es\/es\/agenda\/formentera-astronomica\/\"]}]},{\"@type\":\"ImageObject\",\"inLanguage\":\"es\",\"@id\":\"https:\/\/esdeveniments.formentera.es\/es\/agenda\/formentera-astronomica\/#primaryimage\",\"url\":\"https:\/\/esdeveniments.formentera.es\/wp-content\/uploads\/2022\/03\/formentera_astro.png\",\"contentUrl\":\"https:\/\/esdeveniments.formentera.es\/wp-content\/uploads\/2022\/03\/formentera_astro.png\",\"width\":500,\"height\":300},{\"@type\":\"BreadcrumbList\",\"@id\":\"https:\/\/esdeveniments.formentera.es\/es\/agenda\/formentera-astronomica\/#breadcrumb\",\"itemListElement\":[{\"@type\":\"ListItem\",\"position\":1,\"name\":\"Portada\",\"item\":\"https:\/\/esdeveniments.formentera.es\/\"},{\"@type\":\"ListItem\",\"position\":2,\"name\":\"Formentera Astron\u00f3mica\"}]},{\"@type\":\"WebSite\",\"@id\":\"https:\/\/esdeveniments.formentera.es\/#website\",\"url\":\"https:\/\/esdeveniments.formentera.es\/\",\"name\":\"Formentera Events\",\"description\":\"Eventos\",\"potentialAction\":[{\"@type\":\"SearchAction\",\"target\":{\"@type\":\"EntryPoint\",\"urlTemplate\":\"https:\/\/esdeveniments.formentera.es\/?s={search_term_string}\"},\"query-input\":{\"@type\":\"PropertyValueSpecification\",\"valueRequired\":true,\"valueName\":\"search_term_string\"}}],\"inLanguage\":\"es\"}]}<\/script>\n<!-- \/ Yoast SEO plugin. -->","yoast_head_json":{"title":"Formentera Astron\u00f3mica - Formentera Events","robots":{"index":"index","follow":"follow","max-snippet":"max-snippet:-1","max-image-preview":"max-image-preview:large","max-video-preview":"max-video-preview:-1"},"canonical":"https:\/\/esdeveniments.formentera.es\/es\/agenda\/formentera-astronomica\/","og_locale":"es_ES","og_type":"article","og_title":"Formentera Astron\u00f3mica - Formentera Events","og_description":"Si conoces Formentera, ya sabes que vivir la isla en mayo es un lujazo. Si adem\u00e1s te llama la atenci\u00f3n la observaci\u00f3n del universo, tienes la oportunidad de disfrutar playa y estrellas durante un fin de semana en el que todos los p\u00fablicos encontrar\u00e1n actividades de inter\u00e9s.","og_url":"https:\/\/esdeveniments.formentera.es\/es\/agenda\/formentera-astronomica\/","og_site_name":"Formentera Events","article_modified_time":"2022-04-19T06:57:10+00:00","og_image":[{"width":500,"height":300,"url":"https:\/\/esdeveniments.formentera.es\/wp-content\/uploads\/2022\/03\/formentera_astro.png","type":"image\/png"}],"twitter_card":"summary_large_image","twitter_misc":{"Tiempo de lectura":"1 minuto"},"schema":{"@context":"https:\/\/schema.org","@graph":[{"@type":"WebPage","@id":"https:\/\/esdeveniments.formentera.es\/es\/agenda\/formentera-astronomica\/","url":"https:\/\/esdeveniments.formentera.es\/es\/agenda\/formentera-astronomica\/","name":"Formentera Astron\u00f3mica - Formentera Events","isPartOf":{"@id":"https:\/\/esdeveniments.formentera.es\/#website"},"primaryImageOfPage":{"@id":"https:\/\/esdeveniments.formentera.es\/es\/agenda\/formentera-astronomica\/#primaryimage"},"image":{"@id":"https:\/\/esdeveniments.formentera.es\/es\/agenda\/formentera-astronomica\/#primaryimage"},"thumbnailUrl":"https:\/\/esdeveniments.formentera.es\/wp-content\/uploads\/2022\/03\/formentera_astro.png","datePublished":"2022-03-22T14:33:03+00:00","dateModified":"2022-04-19T06:57:10+00:00","breadcrumb":{"@id":"https:\/\/esdeveniments.formentera.es\/es\/agenda\/formentera-astronomica\/#breadcrumb"},"inLanguage":"es","potentialAction":[{"@type":"ReadAction","target":["https:\/\/esdeveniments.formentera.es\/es\/agenda\/formentera-astronomica\/"]}]},{"@type":"ImageObject","inLanguage":"es","@id":"https:\/\/esdeveniments.formentera.es\/es\/agenda\/formentera-astronomica\/#primaryimage","url":"https:\/\/esdeveniments.formentera.es\/wp-content\/uploads\/2022\/03\/formentera_astro.png","contentUrl":"https:\/\/esdeveniments.formentera.es\/wp-content\/uploads\/2022\/03\/formentera_astro.png","width":500,"height":300},{"@type":"BreadcrumbList","@id":"https:\/\/esdeveniments.formentera.es\/es\/agenda\/formentera-astronomica\/#breadcrumb","itemListElement":[{"@type":"ListItem","position":1,"name":"Portada","item":"https:\/\/esdeveniments.formentera.es\/"},{"@type":"ListItem","position":2,"name":"Formentera Astron\u00f3mica"}]},{"@type":"WebSite","@id":"https:\/\/esdeveniments.formentera.es\/#website","url":"https:\/\/esdeveniments.formentera.es\/","name":"Formentera Events","description":"Eventos","potentialAction":[{"@type":"SearchAction","target":{"@type":"EntryPoint","urlTemplate":"https:\/\/esdeveniments.formentera.es\/?s={search_term_string}"},"query-input":{"@type":"PropertyValueSpecification","valueRequired":true,"valueName":"search_term_string"}}],"inLanguage":"es"}]}},"ticketed":false,"_links":{"self":[{"href":"https:\/\/esdeveniments.formentera.es\/es\/wp-json\/wp\/v2\/tribe_events\/3677","targetHints":{"allow":["GET"]}}],"collection":[{"href":"https:\/\/esdeveniments.formentera.es\/es\/wp-json\/wp\/v2\/tribe_events"}],"about":[{"href":"https:\/\/esdeveniments.formentera.es\/es\/wp-json\/wp\/v2\/types\/tribe_events"}],"author":[{"embeddable":true,"href":"https:\/\/esdeveniments.formentera.es\/es\/wp-json\/wp\/v2\/users\/1"}],"replies":[{"embeddable":true,"href":"https:\/\/esdeveniments.formentera.es\/es\/wp-json\/wp\/v2\/comments?post=3677"}],"version-history":[{"count":8,"href":"https:\/\/esdeveniments.formentera.es\/es\/wp-json\/wp\/v2\/tribe_events\/3677\/revisions"}],"predecessor-version":[{"id":4088,"href":"https:\/\/esdeveniments.formentera.es\/es\/wp-json\/wp\/v2\/tribe_events\/3677\/revisions\/4088"}],"wp:featuredmedia":[{"embeddable":true,"href":"https:\/\/esdeveniments.formentera.es\/es\/wp-json\/wp\/v2\/media\/3719"}],"wp:attachment":[{"href":"https:\/\/esdeveniments.formentera.es\/es\/wp-json\/wp\/v2\/media?parent=3677"}],"wp:term":[{"taxonomy":"post_tag","embeddable":true,"href":"https:\/\/esdeveniments.formentera.es\/es\/wp-json\/wp\/v2\/tags?post=3677"},{"taxonomy":"tribe_events_cat","embeddable":true,"href":"https:\/\/esdeveniments.formentera.es\/es\/wp-json\/wp\/v2\/tribe_events_cat?post=3677"}],"curies":[{"name":"wp","href":"https:\/\/api.w.org\/{rel}","templated":true}]}}